{"id":2312,"date":"2023-09-21T12:32:35","date_gmt":"2023-09-21T12:32:35","guid":{"rendered":"https:\/\/www.hidralgobel.com\/?page_id=2312"},"modified":"2023-11-24T09:13:07","modified_gmt":"2023-11-24T09:13:07","slug":"manifiesto","status":"publish","type":"page","link":"https:\/\/www.hidralgobel.com\/fr\/manifiesto\/","title":{"rendered":"Manifiesto de Hidral Gobel"},"content":{"rendered":"<div data-elementor-type=\"wp-page\" data-elementor-id=\"2312\" class=\"elementor elementor-2312\" data-elementor-post-type=\"page\">\n\t\t\t\t\t\t<section class=\"elementor-section elementor-top-section elementor-element elementor-element-69900739 elementor-section-height-min-height elementor-section-content-middle elementor-section-boxed elementor-section-height-default elementor-section-items-middle\" data-id=\"69900739\" data-element_type=\"section\" data-e-type=\"section\" data-settings=\"{&quot;background_background&quot;:&quot;classic&quot;}\">\n\t\t\t\t\t\t\t<div class=\"elementor-background-overlay\"><\/div>\n\t\t\t\t\t\t\t<div class=\"elementor-container elementor-column-gap-default\">\n\t\t\t\t\t<div class=\"elementor-column elementor-col-100 elementor-top-column elementor-element elementor-element-503a1ff9 elementor-invisible\" data-id=\"503a1ff9\" data-element_type=\"column\" data-e-type=\"column\" data-settings=\"{&quot;animation&quot;:&quot;fadeInUp&quot;}\">\n\t\t\t<div class=\"elementor-widget-wrap elementor-element-populated\">\n\t\t\t\t\t\t<div class=\"elementor-element elementor-element-2ed0706 elementor-widget elementor-widget-heading\" data-id=\"2ed0706\" data-element_type=\"widget\" data-e-type=\"widget\" data-widget_type=\"heading.default\">\n\t\t\t\t<div class=\"elementor-widget-container\">\n\t\t\t\t\t<h2 class=\"elementor-heading-title elementor-size-default\">Manifiesto por un transporte urbano para todas las personas<\/h2>\t\t\t\t<\/div>\n\t\t\t\t<\/div>\n\t\t\t\t<div class=\"elementor-element elementor-element-6ce77e66 elementor-widget elementor-widget-text-editor\" data-id=\"6ce77e66\" data-element_type=\"widget\" data-e-type=\"widget\" data-widget_type=\"text-editor.default\">\n\t\t\t\t<div class=\"elementor-widget-container\">\n\t\t\t\t\t\t\t\t\t<p><a href=\"https:\/\/www.hidralgobel.com\/fr\/\">Accueil<\/a> \/ Manifiesto<\/p>\t\t\t\t\t\t\t\t<\/div>\n\t\t\t\t<\/div>\n\t\t\t\t\t<\/div>\n\t\t<\/div>\n\t\t\t\t\t<\/div>\n\t\t<\/section>\n\t\t\t\t<section class=\"elementor-section elementor-top-section elementor-element elementor-element-10672d8 elementor-reverse-tablet elementor-reverse-mobile elementor-section-boxed elementor-section-height-default elementor-section-height-default\" data-id=\"10672d8\" data-element_type=\"section\" data-e-type=\"section\">\n\t\t\t\t\t\t<div class=\"elementor-container elementor-column-gap-default\">\n\t\t\t\t\t<div class=\"elementor-column elementor-col-100 elementor-top-column elementor-element elementor-element-ff09b83\" data-id=\"ff09b83\" data-element_type=\"column\" data-e-type=\"column\">\n\t\t\t<div class=\"elementor-widget-wrap elementor-element-populated\">\n\t\t\t\t\t\t<div class=\"elementor-element elementor-element-1ffe98d elementor-widget elementor-widget-text-editor\" data-id=\"1ffe98d\" data-element_type=\"widget\" data-e-type=\"widget\" data-widget_type=\"text-editor.default\">\n\t\t\t\t<div class=\"elementor-widget-container\">\n\t\t\t\t\t\t\t\t\t<p><span style=\"font-weight: 400;\">Espa\u00f1a es uno de los pa\u00edses m\u00e1s accesibles del mundo. Sin embargo, en la actualidad, las barreras de accesibilidad en el transporte p\u00fablico urbano siguen dificultando el d\u00eda a d\u00eda de miles de usuarios.&nbsp;<\/span><\/p>\n<p><span style=\"font-weight: 400;\">Se est\u00e1 avanzando en movilidad accesible, pero a\u00fan queda mucho por hacer. La accesibilidad en el transporte es un derecho social, un servicio esencial que debe estar regulado, actualizado y adaptado a las necesidades reales de toda la poblaci\u00f3n. Por ello, es preciso que las personas con discapacidad tengan garantizada la libertad de desplazamiento, empleando los mismos medios de transportes p\u00fablicos que el resto de ciudadanos.<\/span><\/p>\n<p><span style=\"font-weight: 400;\">Con el objetivo de identificar las principales barreras de accesibilidad en el transporte y plantear las posibles soluciones, organizamos el Primer Encuentro \u2018Impulsando un transporte urbano para todas las personas\u2019. Una iniciativa pionera en nuestro pa\u00eds, que nace con la vocaci\u00f3n de ser \u00fatil y efectiva a la hora de establecer una hoja de ruta para todas las partes implicadas en la movilidad accesible.<\/span><\/p>\n<p><span style=\"font-weight: 400;\">De este modo, Hidral Gobel, Fundaci\u00f3n ONCE y CONFEBUS, promotores de este Encuentro, as\u00ed como las organizaciones, instituciones, asociaciones y empresas reunidas en el mismo, reafirmamos nuestro compromiso por la movilidad accesible.<\/span><\/p>\n<p><span style=\"font-weight: 400;\">Manifestamos nuestra voluntad de trabajar, a partir de la firma de este documento, para que las ideas que hemos compartido se transformen en soluciones innovadoras que posibiliten un transporte urbano cercano y accesible a todas las personas en todo momento.<\/span><\/p>\n<p><span style=\"font-weight: 400;\">Porque creemos que la accesibilidad es un reto que nos ata\u00f1e a todos. Solo desde la colaboraci\u00f3n entre las administraciones p\u00fablicas, las empresas del sector, las asociaciones de personas con discapacidad y la sociedad en su conjunto podremos derribar las barreras a\u00fan existentes en los medios de transporte.<\/span><\/p>\n<p><span style=\"font-weight: 400;\">Partimos de la base de que cuando hablamos de accesibilidad no nos referimos \u00fanicamente a la movilidad reducida, sino a dificultades de todo tipo, ya sean visuales, auditivas o cognitivas que pueden tener cualquier usuario del transporte p\u00fablico, no solo las personas con discapacidad reconocida. Las necesidades son distintas y, por tanto, las soluciones deben de ser diferentes, pero adaptadas y v\u00e1lidas para todas las personas.<\/span><\/p>\n<p><span style=\"font-weight: 400;\">Para asegurar un marco normativo que proteja y promueva los derechos de todos los usuarios en el uso del transporte p\u00fablico, en la configuraci\u00f3n de esta normativa, debe tenerse en cuenta la experiencia personal y las aportaciones de las personas con discapacidad, sea del tipo que sea.<\/span><\/p>\n<p><span style=\"font-weight: 400;\">Es fundamental tener en cuenta la perspectiva de las personas con discapacidad tambi\u00e9n en el propio dise\u00f1o de las estaciones, paradas, marquesinas y veh\u00edculos. Porque, si un dise\u00f1o es bueno, siempre ser\u00e1 accesible.<\/span><\/p>\n<p><span style=\"font-weight: 400;\">El dise\u00f1o del transporte accesible debe comprender todos los \u00e1mbitos: las propias infraestructuras, los veh\u00edculos, la informaci\u00f3n, la tecnolog\u00eda al servicio de las personas, la formaci\u00f3n de los empleados y la concienciaci\u00f3n social. Y debe contar con la garant\u00eda de la eficiencia y la sostenibilidad, as\u00ed como con el respaldo de las administraciones p\u00fablicas.<\/span><\/p>\n<p><span style=\"font-weight: 400;\">Entre todos los asistentes en este Encuentro, hemos identificado los principales retos y oportunidades:<\/span><\/p>\n<ul>\n<li style=\"font-weight: 400;\" aria-level=\"1\"><span style=\"font-weight: 400;\">El tiempo empleado en el transporte vale para todos lo mismo.<\/span><\/li>\n<li style=\"font-weight: 400;\" aria-level=\"1\"><span style=\"font-weight: 400;\">Contar con un transporte personalizado, con servicios complementarios y accesible.<\/span><\/li>\n<li style=\"font-weight: 400;\" aria-level=\"1\"><span style=\"font-weight: 400;\">Un transporte amable que genere confianza al ciudadano.<\/span><\/li>\n<li style=\"font-weight: 400;\" aria-level=\"1\"><span style=\"font-weight: 400;\">Un transporte colectivo que sea de puerta a puerta y con horario flexible.<\/span><\/li>\n<li style=\"font-weight: 400;\" aria-level=\"1\"><span style=\"font-weight: 400;\">Escuchar las necesidades de las personas para&nbsp; mejorar los canales de informaci\u00f3n y ventas para crear un asistente personal de movilidad con el objetivo de que las personas planifiquen los itinerarios y horarios que necesitan.<\/span><\/li>\n<li style=\"font-weight: 400;\" aria-level=\"1\"><span style=\"font-weight: 400;\">Que todas las personas sonr\u00edan en un transporte p\u00fablico de principio a fin.<\/span><\/li>\n<\/ul>\n<p><span style=\"font-weight: 400;\"><br><\/span><\/p><p><span style=\"font-weight: 400;\">Debemos abordar estas oportunidades para conseguir que las personas seamos m\u00e1s aut\u00f3nomas e independientes en el transporte, desde el convencimiento de que ello beneficia a toda la sociedad.&nbsp;<\/span><\/p>\n<p><span style=\"font-weight: 400;\">La discapacidad es una interacci\u00f3n entre las capacidades de las personas y el entorno y sobre el entorno siempre vamos a poder actuar para hacer que sea m\u00e1s accesible para todas las personas.<\/span><\/p>\t\t\t\t\t\t\t\t<\/div>\n\t\t\t\t<\/div>\n\t\t\t\t\t<\/div>\n\t\t<\/div>\n\t\t\t\t\t<\/div>\n\t\t<\/section>\n\t\t\t\t<section class=\"elementor-section elementor-top-section elementor-element elementor-element-68781dc elementor-hidden-mobile elementor-section-boxed elementor-section-height-default elementor-section-height-default\" data-id=\"68781dc\" data-element_type=\"section\" data-e-type=\"section\" data-settings=\"{&quot;background_background&quot;:&quot;classic&quot;}\">\n\t\t\t\t\t\t<div class=\"elementor-container elementor-column-gap-default\">\n\t\t\t\t\t<div class=\"elementor-column elementor-col-100 elementor-top-column elementor-element elementor-element-5c85a53\" data-id=\"5c85a53\" data-element_type=\"column\" data-e-type=\"column\">\n\t\t\t<div class=\"elementor-widget-wrap elementor-element-populated\">\n\t\t\t\t\t\t<section class=\"elementor-section elementor-inner-section elementor-element elementor-element-97e5b34 elementor-section-boxed elementor-section-height-default elementor-section-height-default\" data-id=\"97e5b34\" data-element_type=\"section\" data-e-type=\"section\">\n\t\t\t\t\t\t<div class=\"elementor-container elementor-column-gap-default\">\n\t\t\t\t\t<div class=\"elementor-column elementor-col-50 elementor-inner-column elementor-element elementor-element-f83b2e6\" data-id=\"f83b2e6\" data-element_type=\"column\" data-e-type=\"column\">\n\t\t\t<div class=\"elementor-widget-wrap elementor-element-populated\">\n\t\t\t\t\t\t<div class=\"elementor-element elementor-element-e2bb3f1 elementor-align-start elementor-mobile-align-center elementor-icon-list--layout-traditional elementor-list-item-link-full_width elementor-widget elementor-widget-icon-list\" data-id=\"e2bb3f1\" data-element_type=\"widget\" data-e-type=\"widget\" data-widget_type=\"icon-list.default\">\n\t\t\t\t<div class=\"elementor-widget-container\">\n\t\t\t\t\t\t\t<ul class=\"elementor-icon-list-items\">\n\t\t\t\t\t\t\t<li class=\"elementor-icon-list-item\">\n\t\t\t\t\t\t\t\t\t\t<span class=\"elementor-icon-list-text\">Noticias relacionadas.<\/span>\n\t\t\t\t\t\t\t\t\t<\/li>\n\t\t\t\t\t\t<\/ul>\n\t\t\t\t\t\t<\/div>\n\t\t\t\t<\/div>\n\t\t\t\t\t<\/div>\n\t\t<\/div>\n\t\t\t\t<div class=\"elementor-column elementor-col-50 elementor-inner-column elementor-element elementor-element-30a7f32 elementor-hidden-tablet elementor-hidden-mobile\" data-id=\"30a7f32\" data-element_type=\"column\" data-e-type=\"column\">\n\t\t\t<div class=\"elementor-widget-wrap elementor-element-populated\">\n\t\t\t\t\t\t\t<\/div>\n\t\t<\/div>\n\t\t\t\t\t<\/div>\n\t\t<\/section>\n\t\t\t\t<div class=\"elementor-element elementor-element-571a114 elementor-posts--align-left elementor-grid-3 elementor-grid-tablet-2 elementor-grid-mobile-1 elementor-posts--thumbnail-top elementor-invisible elementor-widget elementor-widget-posts\" data-id=\"571a114\" data-element_type=\"widget\" data-e-type=\"widget\" data-settings=\"{&quot;classic_row_gap&quot;:{&quot;unit&quot;:&quot;px&quot;,&quot;size&quot;:20,&quot;sizes&quot;:[]},&quot;_animation&quot;:&quot;fadeInUp&quot;,&quot;classic_columns&quot;:&quot;3&quot;,&quot;classic_columns_tablet&quot;:&quot;2&quot;,&quot;classic_columns_mobile&quot;:&quot;1&quot;,&quot;classic_row_gap_tablet&quot;:{&quot;unit&quot;:&quot;px&quot;,&quot;size&quot;:&quot;&quot;,&quot;sizes&quot;:[]},&quot;classic_row_gap_mobile&quot;:{&quot;unit&quot;:&quot;px&quot;,&quot;size&quot;:&quot;&quot;,&quot;sizes&quot;:[]}}\" data-widget_type=\"posts.classic\">\n\t\t\t\t<div class=\"elementor-widget-container\">\n\t\t\t\t\t\t\t<div class=\"elementor-posts-container elementor-posts elementor-posts--skin-classic elementor-grid\" role=\"list\">\n\t\t\t\t<article class=\"elementor-post elementor-grid-item post-2464 post type-post status-publish format-standard has-post-thumbnail hentry category-sin-categoria\" role=\"listitem\">\n\t\t\t\t<a class=\"elementor-post__thumbnail__link\" href=\"https:\/\/www.hidralgobel.com\/fr\/moventis-se-adhiere-al-manifiesto-de-hidral-gobel-en-apoyo-a-la-accesibilidad-en-el-transporte-urbano\/\" tabindex=\"-1\" >\n\t\t\t<div class=\"elementor-post__thumbnail\"><img fetchpriority=\"high\" decoding=\"async\" width=\"745\" height=\"496\" src=\"https:\/\/www.hidralgobel.com\/wp-content\/uploads\/2023\/09\/Captura-de-pantalla-2023-09-21-172455.png\" class=\"attachment-full size-full wp-image-2466\" alt=\"\" srcset=\"https:\/\/www.hidralgobel.com\/wp-content\/uploads\/2023\/09\/Captura-de-pantalla-2023-09-21-172455.png 745w, https:\/\/www.hidralgobel.com\/wp-content\/uploads\/2023\/09\/Captura-de-pantalla-2023-09-21-172455-300x200.png 300w, https:\/\/www.hidralgobel.com\/wp-content\/uploads\/2023\/09\/Captura-de-pantalla-2023-09-21-172455-18x12.png 18w\" sizes=\"(max-width: 745px) 100vw, 745px\" \/><\/div>\n\t\t<\/a>\n\t\t\t\t<div class=\"elementor-post__text\">\n\t\t\t\t<h3 class=\"elementor-post__title\">\n\t\t\t<a href=\"https:\/\/www.hidralgobel.com\/fr\/moventis-se-adhiere-al-manifiesto-de-hidral-gobel-en-apoyo-a-la-accesibilidad-en-el-transporte-urbano\/\" >\n\t\t\t\tMoventis\u200b se adhiere al Manifiesto de Hidral Gobel en apoyo a la accesibilidad en el transporte urbano\t\t\t<\/a>\n\t\t<\/h3>\n\t\t\n\t\t<a class=\"elementor-post__read-more\" href=\"https:\/\/www.hidralgobel.com\/fr\/moventis-se-adhiere-al-manifiesto-de-hidral-gobel-en-apoyo-a-la-accesibilidad-en-el-transporte-urbano\/\" aria-label=\"En savoir plus sur Moventis\u200b se adhiere al Manifiesto de Hidral Gobel en apoyo a la accesibilidad en el transporte urbano\" tabindex=\"-1\" >\n\t\t\tLeer m\u00e1s \u00bb\t\t<\/a>\n\n\t\t\t\t<\/div>\n\t\t\t\t<\/article>\n\t\t\t\t<article class=\"elementor-post elementor-grid-item post-2493 post type-post status-publish format-standard has-post-thumbnail hentry category-sin-categoria\" role=\"listitem\">\n\t\t\t\t<a class=\"elementor-post__thumbnail__link\" href=\"https:\/\/www.hidralgobel.com\/fr\/la-compania-avanza-se-une-a-nuestro-manifiesto-por-un-transporte-urbano-para-todas-las-personas\/\" tabindex=\"-1\" >\n\t\t\t<div class=\"elementor-post__thumbnail\"><img decoding=\"async\" width=\"735\" height=\"495\" src=\"https:\/\/www.hidralgobel.com\/wp-content\/uploads\/2023\/09\/Captura-de-pantalla-2023-09-21-173726.png\" class=\"attachment-full size-full wp-image-2495\" alt=\"\" srcset=\"https:\/\/www.hidralgobel.com\/wp-content\/uploads\/2023\/09\/Captura-de-pantalla-2023-09-21-173726.png 735w, https:\/\/www.hidralgobel.com\/wp-content\/uploads\/2023\/09\/Captura-de-pantalla-2023-09-21-173726-300x202.png 300w, https:\/\/www.hidralgobel.com\/wp-content\/uploads\/2023\/09\/Captura-de-pantalla-2023-09-21-173726-18x12.png 18w\" sizes=\"(max-width: 735px) 100vw, 735px\" \/><\/div>\n\t\t<\/a>\n\t\t\t\t<div class=\"elementor-post__text\">\n\t\t\t\t<h3 class=\"elementor-post__title\">\n\t\t\t<a href=\"https:\/\/www.hidralgobel.com\/fr\/la-compania-avanza-se-une-a-nuestro-manifiesto-por-un-transporte-urbano-para-todas-las-personas\/\" >\n\t\t\t\tLa compa\u00f1\u00eda Avanza se une a nuestro \u201cManifiesto por un transporte urbano para todas las personas\u201d\t\t\t<\/a>\n\t\t<\/h3>\n\t\t\n\t\t<a class=\"elementor-post__read-more\" href=\"https:\/\/www.hidralgobel.com\/fr\/la-compania-avanza-se-une-a-nuestro-manifiesto-por-un-transporte-urbano-para-todas-las-personas\/\" aria-label=\"En savoir plus sur La compa\u00f1\u00eda Avanza se une a nuestro \u201cManifiesto por un transporte urbano para todas las personas\u201d\" tabindex=\"-1\" >\n\t\t\tLeer m\u00e1s \u00bb\t\t<\/a>\n\n\t\t\t\t<\/div>\n\t\t\t\t<\/article>\n\t\t\t\t<article class=\"elementor-post elementor-grid-item post-3003 post type-post status-publish format-standard has-post-thumbnail hentry category-sin-categoria\" role=\"listitem\">\n\t\t\t\t<a class=\"elementor-post__thumbnail__link\" href=\"https:\/\/www.hidralgobel.com\/fr\/tussam-se-une-a-nuestro-manifiesto-por-un-transporte-urbano-para-todas-las-personas\/\" tabindex=\"-1\" >\n\t\t\t<div class=\"elementor-post__thumbnail\"><img decoding=\"async\" width=\"596\" height=\"390\" src=\"https:\/\/www.hidralgobel.com\/wp-content\/uploads\/2023\/11\/Captura-de-pantalla-2023-11-23-175858.png\" class=\"attachment-full size-full wp-image-3004\" alt=\"\" srcset=\"https:\/\/www.hidralgobel.com\/wp-content\/uploads\/2023\/11\/Captura-de-pantalla-2023-11-23-175858.png 596w, https:\/\/www.hidralgobel.com\/wp-content\/uploads\/2023\/11\/Captura-de-pantalla-2023-11-23-175858-300x196.png 300w, https:\/\/www.hidralgobel.com\/wp-content\/uploads\/2023\/11\/Captura-de-pantalla-2023-11-23-175858-18x12.png 18w\" sizes=\"(max-width: 596px) 100vw, 596px\" \/><\/div>\n\t\t<\/a>\n\t\t\t\t<div class=\"elementor-post__text\">\n\t\t\t\t<h3 class=\"elementor-post__title\">\n\t\t\t<a href=\"https:\/\/www.hidralgobel.com\/fr\/tussam-se-une-a-nuestro-manifiesto-por-un-transporte-urbano-para-todas-las-personas\/\" >\n\t\t\t\tTUSSAM SE UNE A NUESTRO MANIFIESTO POR UN TRANSPORTE URBANO PARA TODAS LAS PERSONAS\t\t\t<\/a>\n\t\t<\/h3>\n\t\t\n\t\t<a class=\"elementor-post__read-more\" href=\"https:\/\/www.hidralgobel.com\/fr\/tussam-se-une-a-nuestro-manifiesto-por-un-transporte-urbano-para-todas-las-personas\/\" aria-label=\"En savoir plus sur TUSSAM SE UNE A NUESTRO MANIFIESTO POR UN TRANSPORTE URBANO PARA TODAS LAS PERSONAS\" tabindex=\"-1\" >\n\t\t\tLeer m\u00e1s \u00bb\t\t<\/a>\n\n\t\t\t\t<\/div>\n\t\t\t\t<\/article>\n\t\t\t\t<article class=\"elementor-post elementor-grid-item post-3008 post type-post status-publish format-standard has-post-thumbnail hentry category-sin-categoria\" role=\"listitem\">\n\t\t\t\t<a class=\"elementor-post__thumbnail__link\" href=\"https:\/\/www.hidralgobel.com\/fr\/aisa-se-suma-a-nuestro-manifiesto\/\" tabindex=\"-1\" >\n\t\t\t<div class=\"elementor-post__thumbnail\"><img loading=\"lazy\" decoding=\"async\" width=\"591\" height=\"392\" src=\"https:\/\/www.hidralgobel.com\/wp-content\/uploads\/2023\/11\/Captura-de-pantalla-2023-11-23-180504.png\" class=\"attachment-full size-full wp-image-3009\" alt=\"\" srcset=\"https:\/\/www.hidralgobel.com\/wp-content\/uploads\/2023\/11\/Captura-de-pantalla-2023-11-23-180504.png 591w, https:\/\/www.hidralgobel.com\/wp-content\/uploads\/2023\/11\/Captura-de-pantalla-2023-11-23-180504-300x199.png 300w, https:\/\/www.hidralgobel.com\/wp-content\/uploads\/2023\/11\/Captura-de-pantalla-2023-11-23-180504-18x12.png 18w\" sizes=\"(max-width: 591px) 100vw, 591px\" \/><\/div>\n\t\t<\/a>\n\t\t\t\t<div class=\"elementor-post__text\">\n\t\t\t\t<h3 class=\"elementor-post__title\">\n\t\t\t<a href=\"https:\/\/www.hidralgobel.com\/fr\/aisa-se-suma-a-nuestro-manifiesto\/\" >\n\t\t\t\tAISA SE SUMA A NUESTRO MANIFIESTO\t\t\t<\/a>\n\t\t<\/h3>\n\t\t\n\t\t<a class=\"elementor-post__read-more\" href=\"https:\/\/www.hidralgobel.com\/fr\/aisa-se-suma-a-nuestro-manifiesto\/\" aria-label=\"En savoir plus sur AISA SE SUMA A NUESTRO MANIFIESTO\" tabindex=\"-1\" >\n\t\t\tLeer m\u00e1s \u00bb\t\t<\/a>\n\n\t\t\t\t<\/div>\n\t\t\t\t<\/article>\n\t\t\t\t<article class=\"elementor-post elementor-grid-item post-3028 post type-post status-publish format-standard has-post-thumbnail hentry category-sin-categoria\" role=\"listitem\">\n\t\t\t\t<a class=\"elementor-post__thumbnail__link\" href=\"https:\/\/www.hidralgobel.com\/fr\/alsa-se-suma-a-nuestro-manifiesto\/\" tabindex=\"-1\" >\n\t\t\t<div class=\"elementor-post__thumbnail\"><img loading=\"lazy\" decoding=\"async\" width=\"750\" height=\"498\" src=\"https:\/\/www.hidralgobel.com\/wp-content\/uploads\/2023\/11\/Captura-de-pantalla-2023-11-24-100211.png\" class=\"attachment-full size-full wp-image-3030\" alt=\"\" srcset=\"https:\/\/www.hidralgobel.com\/wp-content\/uploads\/2023\/11\/Captura-de-pantalla-2023-11-24-100211.png 750w, https:\/\/www.hidralgobel.com\/wp-content\/uploads\/2023\/11\/Captura-de-pantalla-2023-11-24-100211-300x199.png 300w, https:\/\/www.hidralgobel.com\/wp-content\/uploads\/2023\/11\/Captura-de-pantalla-2023-11-24-100211-18x12.png 18w\" sizes=\"(max-width: 750px) 100vw, 750px\" \/><\/div>\n\t\t<\/a>\n\t\t\t\t<div class=\"elementor-post__text\">\n\t\t\t\t<h3 class=\"elementor-post__title\">\n\t\t\t<a href=\"https:\/\/www.hidralgobel.com\/fr\/alsa-se-suma-a-nuestro-manifiesto\/\" >\n\t\t\t\tALSA SE SUMA A NUESTRO MANIFIESTO\t\t\t<\/a>\n\t\t<\/h3>\n\t\t\n\t\t<a class=\"elementor-post__read-more\" href=\"https:\/\/www.hidralgobel.com\/fr\/alsa-se-suma-a-nuestro-manifiesto\/\" aria-label=\"En savoir plus sur ALSA SE SUMA A NUESTRO MANIFIESTO\" tabindex=\"-1\" >\n\t\t\tLeer m\u00e1s \u00bb\t\t<\/a>\n\n\t\t\t\t<\/div>\n\t\t\t\t<\/article>\n\t\t\t\t<article class=\"elementor-post elementor-grid-item post-3021 post type-post status-publish format-standard has-post-thumbnail hentry category-sin-categoria\" role=\"listitem\">\n\t\t\t\t<a class=\"elementor-post__thumbnail__link\" href=\"https:\/\/www.hidralgobel.com\/fr\/firma-manifiesto-de-hidral-gobel-con-fundacion-once-y-confebus\/\" tabindex=\"-1\" >\n\t\t\t<div class=\"elementor-post__thumbnail\"><img loading=\"lazy\" decoding=\"async\" width=\"746\" height=\"501\" src=\"https:\/\/www.hidralgobel.com\/wp-content\/uploads\/2023\/11\/Captura-de-pantalla-2023-11-24-095254.png\" class=\"attachment-full size-full wp-image-3023\" alt=\"\" srcset=\"https:\/\/www.hidralgobel.com\/wp-content\/uploads\/2023\/11\/Captura-de-pantalla-2023-11-24-095254.png 746w, https:\/\/www.hidralgobel.com\/wp-content\/uploads\/2023\/11\/Captura-de-pantalla-2023-11-24-095254-300x201.png 300w, https:\/\/www.hidralgobel.com\/wp-content\/uploads\/2023\/11\/Captura-de-pantalla-2023-11-24-095254-18x12.png 18w\" sizes=\"(max-width: 746px) 100vw, 746px\" \/><\/div>\n\t\t<\/a>\n\t\t\t\t<div class=\"elementor-post__text\">\n\t\t\t\t<h3 class=\"elementor-post__title\">\n\t\t\t<a href=\"https:\/\/www.hidralgobel.com\/fr\/firma-manifiesto-de-hidral-gobel-con-fundacion-once-y-confebus\/\" >\n\t\t\t\tFIRMA MANIFIESTO DE HIDRAL GOBEL CON FUNDACION ONCE Y CONFEBUS\t\t\t<\/a>\n\t\t<\/h3>\n\t\t\n\t\t<a class=\"elementor-post__read-more\" href=\"https:\/\/www.hidralgobel.com\/fr\/firma-manifiesto-de-hidral-gobel-con-fundacion-once-y-confebus\/\" aria-label=\"En savoir plus sur FIRMA MANIFIESTO DE HIDRAL GOBEL CON FUNDACION ONCE Y CONFEBUS\" tabindex=\"-1\" >\n\t\t\tLeer m\u00e1s \u00bb\t\t<\/a>\n\n\t\t\t\t<\/div>\n\t\t\t\t<\/article>\n\t\t\t\t<\/div>\n\t\t\n\t\t\t\t\t\t<\/div>\n\t\t\t\t<\/div>\n\t\t\t\t\t<\/div>\n\t\t<\/div>\n\t\t\t\t\t<\/div>\n\t\t<\/section>\n\t\t\t\t<section class=\"elementor-section elementor-top-section elementor-element elementor-element-fd1b3ed elementor-section-boxed elementor-section-height-default elementor-section-height-default\" data-id=\"fd1b3ed\" data-element_type=\"section\" data-e-type=\"section\">\n\t\t\t\t\t\t<div class=\"elementor-container elementor-column-gap-default\">\n\t\t\t\t\t<div class=\"elementor-column elementor-col-33 elementor-top-column elementor-element elementor-element-822f0a5\" data-id=\"822f0a5\" data-element_type=\"column\" data-e-type=\"column\">\n\t\t\t<div class=\"elementor-widget-wrap elementor-element-populated\">\n\t\t\t\t\t\t<div class=\"elementor-element elementor-element-27a01d7 elementor-align-left elementor-mobile-align-center elementor-widget elementor-widget-button\" data-id=\"27a01d7\" data-element_type=\"widget\" data-e-type=\"widget\" data-widget_type=\"button.default\">\n\t\t\t\t<div class=\"elementor-widget-container\">\n\t\t\t\t\t\t\t\t\t<div class=\"elementor-button-wrapper\">\n\t\t\t\t\t<a class=\"elementor-button elementor-button-link elementor-size-md elementor-animation-shrink\" href=\"https:\/\/www.hidralgobel.com\/fr\/\">\n\t\t\t\t\t\t<span class=\"elementor-button-content-wrapper\">\n\t\t\t\t\t\t<span class=\"elementor-button-icon\">\n\t\t\t\t<i aria-hidden=\"true\" class=\"fas fa-long-arrow-alt-right\"><\/i>\t\t\t<\/span>\n\t\t\t\t\t\t\t\t\t<span class=\"elementor-button-text\">INICIO<\/span>\n\t\t\t\t\t<\/span>\n\t\t\t\t\t<\/a>\n\t\t\t\t<\/div>\n\t\t\t\t\t\t\t\t<\/div>\n\t\t\t\t<\/div>\n\t\t\t\t\t<\/div>\n\t\t<\/div>\n\t\t\t\t<div class=\"elementor-column elementor-col-33 elementor-top-column elementor-element elementor-element-2170bfe\" data-id=\"2170bfe\" data-element_type=\"column\" data-e-type=\"column\">\n\t\t\t<div class=\"elementor-widget-wrap\">\n\t\t\t\t\t\t\t<\/div>\n\t\t<\/div>\n\t\t\t\t<div class=\"elementor-column elementor-col-33 elementor-top-column elementor-element elementor-element-87ec7c2\" data-id=\"87ec7c2\" data-element_type=\"column\" data-e-type=\"column\">\n\t\t\t<div class=\"elementor-widget-wrap\">\n\t\t\t\t\t\t\t<\/div>\n\t\t<\/div>\n\t\t\t\t\t<\/div>\n\t\t<\/section>\n\t\t\t\t<\/div>","protected":false},"excerpt":{"rendered":"<p>Manifiesto por un transporte urbano para todas las personas Inicio \/ Manifiesto Espa\u00f1a es uno de los pa\u00edses m\u00e1s accesibles del mundo. Sin embargo, en<\/p>","protected":false},"author":1,"featured_media":703,"parent":0,"menu_order":0,"comment_status":"closed","ping_status":"closed","template":"","meta":{"footnotes":""},"class_list":["post-2312","page","type-page","status-publish","has-post-thumbnail","hentry"],"yoast_head":"<!-- This site is optimized with the Yoast SEO plugin v27.5 - https:\/\/yoast.com\/product\/yoast-seo-wordpress\/ -->\n<title>Manifiesto de Hidral Gobel - Hidral Gobel<\/title>\n<meta name=\"description\" content=\"El Manifiesto de Hidral Gobel, surge para impulsar una transici\u00f3n hacia una movilidad universal. Cuenta con la adhesi\u00f3n de grandes entidades.\" \/>\n<meta name=\"robots\" content=\"index, follow, max-snippet:-1, max-image-preview:large, max-video-preview:-1\" \/>\n<link rel=\"canonical\" href=\"https:\/\/www.hidralgobel.com\/fr\/manifiesto\/\" \/>\n<meta property=\"og:locale\" content=\"fr_FR\" \/>\n<meta property=\"og:type\" content=\"article\" \/>\n<meta property=\"og:title\" content=\"Manifiesto de Hidral Gobel - Hidral Gobel\" \/>\n<meta property=\"og:description\" content=\"El Manifiesto de Hidral Gobel, surge para impulsar una transici\u00f3n hacia una movilidad universal. Cuenta con la adhesi\u00f3n de grandes entidades.\" \/>\n<meta property=\"og:url\" content=\"https:\/\/www.hidralgobel.com\/fr\/manifiesto\/\" \/>\n<meta property=\"og:site_name\" content=\"Hidral Gobel\" \/>\n<meta property=\"article:modified_time\" content=\"2023-11-24T09:13:07+00:00\" \/>\n<meta property=\"og:image\" content=\"https:\/\/www.hidralgobel.com\/wp-content\/uploads\/2023\/07\/DSC02148-scaled.jpg\" \/>\n\t<meta property=\"og:image:width\" content=\"2560\" \/>\n\t<meta property=\"og:image:height\" content=\"1707\" \/>\n\t<meta property=\"og:image:type\" content=\"image\/jpeg\" \/>\n<meta name=\"twitter:card\" content=\"summary_large_image\" \/>\n<meta name=\"twitter:label1\" content=\"Dur\u00e9e de lecture estim\u00e9e\" \/>\n\t<meta name=\"twitter:data1\" content=\"5 minutes\" \/>\n<script type=\"application\/ld+json\" class=\"yoast-schema-graph\">{\"@context\":\"https:\\\/\\\/schema.org\",\"@graph\":[{\"@type\":\"WebPage\",\"@id\":\"https:\\\/\\\/www.hidralgobel.com\\\/manifiesto\\\/\",\"url\":\"https:\\\/\\\/www.hidralgobel.com\\\/manifiesto\\\/\",\"name\":\"Manifiesto de Hidral Gobel - Hidral Gobel\",\"isPartOf\":{\"@id\":\"https:\\\/\\\/www.hidralgobel.com\\\/#website\"},\"primaryImageOfPage\":{\"@id\":\"https:\\\/\\\/www.hidralgobel.com\\\/manifiesto\\\/#primaryimage\"},\"image\":{\"@id\":\"https:\\\/\\\/www.hidralgobel.com\\\/manifiesto\\\/#primaryimage\"},\"thumbnailUrl\":\"https:\\\/\\\/www.hidralgobel.com\\\/wp-content\\\/uploads\\\/2023\\\/07\\\/DSC02148-scaled.jpg\",\"datePublished\":\"2023-09-21T12:32:35+00:00\",\"dateModified\":\"2023-11-24T09:13:07+00:00\",\"description\":\"El Manifiesto de Hidral Gobel, surge para impulsar una transici\u00f3n hacia una movilidad universal. Cuenta con la adhesi\u00f3n de grandes entidades.\",\"breadcrumb\":{\"@id\":\"https:\\\/\\\/www.hidralgobel.com\\\/manifiesto\\\/#breadcrumb\"},\"inLanguage\":\"fr-FR\",\"potentialAction\":[{\"@type\":\"ReadAction\",\"target\":[\"https:\\\/\\\/www.hidralgobel.com\\\/manifiesto\\\/\"]}]},{\"@type\":\"ImageObject\",\"inLanguage\":\"fr-FR\",\"@id\":\"https:\\\/\\\/www.hidralgobel.com\\\/manifiesto\\\/#primaryimage\",\"url\":\"https:\\\/\\\/www.hidralgobel.com\\\/wp-content\\\/uploads\\\/2023\\\/07\\\/DSC02148-scaled.jpg\",\"contentUrl\":\"https:\\\/\\\/www.hidralgobel.com\\\/wp-content\\\/uploads\\\/2023\\\/07\\\/DSC02148-scaled.jpg\",\"width\":2560,\"height\":1707,\"caption\":\"Manifiesto de Hidral Gobel\"},{\"@type\":\"BreadcrumbList\",\"@id\":\"https:\\\/\\\/www.hidralgobel.com\\\/manifiesto\\\/#breadcrumb\",\"itemListElement\":[{\"@type\":\"ListItem\",\"position\":1,\"name\":\"Portada\",\"item\":\"https:\\\/\\\/www.hidralgobel.com\\\/\"},{\"@type\":\"ListItem\",\"position\":2,\"name\":\"Manifiesto de Hidral Gobel\"}]},{\"@type\":\"WebSite\",\"@id\":\"https:\\\/\\\/www.hidralgobel.com\\\/#website\",\"url\":\"https:\\\/\\\/www.hidralgobel.com\\\/\",\"name\":\"Hidral Gobel\",\"description\":\"Fabricamos soluciones de accesibilidad   para los viajeros con movilidad reducida.\",\"publisher\":{\"@id\":\"https:\\\/\\\/www.hidralgobel.com\\\/#organization\"},\"potentialAction\":[{\"@type\":\"SearchAction\",\"target\":{\"@type\":\"EntryPoint\",\"urlTemplate\":\"https:\\\/\\\/www.hidralgobel.com\\\/?s={search_term_string}\"},\"query-input\":{\"@type\":\"PropertyValueSpecification\",\"valueRequired\":true,\"valueName\":\"search_term_string\"}}],\"inLanguage\":\"fr-FR\"},{\"@type\":\"Organization\",\"@id\":\"https:\\\/\\\/www.hidralgobel.com\\\/#organization\",\"name\":\"Hidral Gobel\",\"url\":\"https:\\\/\\\/www.hidralgobel.com\\\/\",\"logo\":{\"@type\":\"ImageObject\",\"inLanguage\":\"fr-FR\",\"@id\":\"https:\\\/\\\/www.hidralgobel.com\\\/#\\\/schema\\\/logo\\\/image\\\/\",\"url\":\"https:\\\/\\\/www.hidralgobel.com\\\/wp-content\\\/uploads\\\/2023\\\/04\\\/Logotipo-Hidral-Gobel-2023_sin-fondo.png\",\"contentUrl\":\"https:\\\/\\\/www.hidralgobel.com\\\/wp-content\\\/uploads\\\/2023\\\/04\\\/Logotipo-Hidral-Gobel-2023_sin-fondo.png\",\"width\":1754,\"height\":1241,\"caption\":\"Hidral Gobel\"},\"image\":{\"@id\":\"https:\\\/\\\/www.hidralgobel.com\\\/#\\\/schema\\\/logo\\\/image\\\/\"}}]}<\/script>\n<!-- \/ Yoast SEO plugin. -->","yoast_head_json":{"title":"Manifiesto de Hidral Gobel - Hidral Gobel","description":"El Manifiesto de Hidral Gobel, surge para impulsar una transici\u00f3n hacia una movilidad universal. Cuenta con la adhesi\u00f3n de grandes entidades.","robots":{"index":"index","follow":"follow","max-snippet":"max-snippet:-1","max-image-preview":"max-image-preview:large","max-video-preview":"max-video-preview:-1"},"canonical":"https:\/\/www.hidralgobel.com\/fr\/manifiesto\/","og_locale":"fr_FR","og_type":"article","og_title":"Manifiesto de Hidral Gobel - Hidral Gobel","og_description":"El Manifiesto de Hidral Gobel, surge para impulsar una transici\u00f3n hacia una movilidad universal. Cuenta con la adhesi\u00f3n de grandes entidades.","og_url":"https:\/\/www.hidralgobel.com\/fr\/manifiesto\/","og_site_name":"Hidral Gobel","article_modified_time":"2023-11-24T09:13:07+00:00","og_image":[{"width":2560,"height":1707,"url":"https:\/\/www.hidralgobel.com\/wp-content\/uploads\/2023\/07\/DSC02148-scaled.jpg","type":"image\/jpeg"}],"twitter_card":"summary_large_image","twitter_misc":{"Dur\u00e9e de lecture estim\u00e9e":"5 minutes"},"schema":{"@context":"https:\/\/schema.org","@graph":[{"@type":"WebPage","@id":"https:\/\/www.hidralgobel.com\/manifiesto\/","url":"https:\/\/www.hidralgobel.com\/manifiesto\/","name":"Manifiesto de Hidral Gobel - Hidral Gobel","isPartOf":{"@id":"https:\/\/www.hidralgobel.com\/#website"},"primaryImageOfPage":{"@id":"https:\/\/www.hidralgobel.com\/manifiesto\/#primaryimage"},"image":{"@id":"https:\/\/www.hidralgobel.com\/manifiesto\/#primaryimage"},"thumbnailUrl":"https:\/\/www.hidralgobel.com\/wp-content\/uploads\/2023\/07\/DSC02148-scaled.jpg","datePublished":"2023-09-21T12:32:35+00:00","dateModified":"2023-11-24T09:13:07+00:00","description":"El Manifiesto de Hidral Gobel, surge para impulsar una transici\u00f3n hacia una movilidad universal. Cuenta con la adhesi\u00f3n de grandes entidades.","breadcrumb":{"@id":"https:\/\/www.hidralgobel.com\/manifiesto\/#breadcrumb"},"inLanguage":"fr-FR","potentialAction":[{"@type":"ReadAction","target":["https:\/\/www.hidralgobel.com\/manifiesto\/"]}]},{"@type":"ImageObject","inLanguage":"fr-FR","@id":"https:\/\/www.hidralgobel.com\/manifiesto\/#primaryimage","url":"https:\/\/www.hidralgobel.com\/wp-content\/uploads\/2023\/07\/DSC02148-scaled.jpg","contentUrl":"https:\/\/www.hidralgobel.com\/wp-content\/uploads\/2023\/07\/DSC02148-scaled.jpg","width":2560,"height":1707,"caption":"Manifiesto de Hidral Gobel"},{"@type":"BreadcrumbList","@id":"https:\/\/www.hidralgobel.com\/manifiesto\/#breadcrumb","itemListElement":[{"@type":"ListItem","position":1,"name":"Portada","item":"https:\/\/www.hidralgobel.com\/"},{"@type":"ListItem","position":2,"name":"Manifiesto de Hidral Gobel"}]},{"@type":"WebSite","@id":"https:\/\/www.hidralgobel.com\/#website","url":"https:\/\/www.hidralgobel.com\/","name":"Hidral Gobel","description":"Fabricamos soluciones de accesibilidad   para los viajeros con movilidad reducida.","publisher":{"@id":"https:\/\/www.hidralgobel.com\/#organization"},"potentialAction":[{"@type":"SearchAction","target":{"@type":"EntryPoint","urlTemplate":"https:\/\/www.hidralgobel.com\/?s={search_term_string}"},"query-input":{"@type":"PropertyValueSpecification","valueRequired":true,"valueName":"search_term_string"}}],"inLanguage":"fr-FR"},{"@type":"Organization","@id":"https:\/\/www.hidralgobel.com\/#organization","name":"Hidral Gobel","url":"https:\/\/www.hidralgobel.com\/","logo":{"@type":"ImageObject","inLanguage":"fr-FR","@id":"https:\/\/www.hidralgobel.com\/#\/schema\/logo\/image\/","url":"https:\/\/www.hidralgobel.com\/wp-content\/uploads\/2023\/04\/Logotipo-Hidral-Gobel-2023_sin-fondo.png","contentUrl":"https:\/\/www.hidralgobel.com\/wp-content\/uploads\/2023\/04\/Logotipo-Hidral-Gobel-2023_sin-fondo.png","width":1754,"height":1241,"caption":"Hidral Gobel"},"image":{"@id":"https:\/\/www.hidralgobel.com\/#\/schema\/logo\/image\/"}}]}},"_links":{"self":[{"href":"https:\/\/www.hidralgobel.com\/fr\/wp-json\/wp\/v2\/pages\/2312","targetHints":{"allow":["GET"]}}],"collection":[{"href":"https:\/\/www.hidralgobel.com\/fr\/wp-json\/wp\/v2\/pages"}],"about":[{"href":"https:\/\/www.hidralgobel.com\/fr\/wp-json\/wp\/v2\/types\/page"}],"author":[{"embeddable":true,"href":"https:\/\/www.hidralgobel.com\/fr\/wp-json\/wp\/v2\/users\/1"}],"replies":[{"embeddable":true,"href":"https:\/\/www.hidralgobel.com\/fr\/wp-json\/wp\/v2\/comments?post=2312"}],"version-history":[{"count":38,"href":"https:\/\/www.hidralgobel.com\/fr\/wp-json\/wp\/v2\/pages\/2312\/revisions"}],"predecessor-version":[{"id":3038,"href":"https:\/\/www.hidralgobel.com\/fr\/wp-json\/wp\/v2\/pages\/2312\/revisions\/3038"}],"wp:featuredmedia":[{"embeddable":true,"href":"https:\/\/www.hidralgobel.com\/fr\/wp-json\/wp\/v2\/media\/703"}],"wp:attachment":[{"href":"https:\/\/www.hidralgobel.com\/fr\/wp-json\/wp\/v2\/media?parent=2312"}],"curies":[{"name":"wp","href":"https:\/\/api.w.org\/{rel}","templated":true}]}}